{"id":8179,"date":"2017-12-18T08:30:02","date_gmt":"2017-12-18T07:30:02","guid":{"rendered":"https:\/\/www.ecotopia.se\/sv\/?page_id=8179"},"modified":"2018-02-28T11:35:21","modified_gmt":"2018-02-28T10:35:21","slug":"omstallningsmote-2018","status":"publish","type":"page","link":"https:\/\/www.ecotopia.se\/sv\/kalendarium-arkiv\/omstallningsmote-2018\/","title":{"rendered":"Omst\u00e4llningsm\u00f6te"},"content":{"rendered":"<p><img loading=\"lazy\" decoding=\"async\" class=\"alignnone size-full wp-image-8180\" src=\"https:\/\/www.ecotopia.se\/sv\/wp-content\/uploads\/2017\/12\/collage_omstallningsmote_2018.jpg\" alt=\"\" width=\"600\" height=\"200\" \/><\/p>\n<h3>Fr\u00f6insamling &#8211; sj\u00e4lvhush\u00e5llningens k\u00e4rna<\/h3>\n<h3>Uppf\u00f6r\u00f6kning av \u00e4ppelsorter med Maria Attstr\u00f6m<\/h3>\n<p>&nbsp;<\/p>\n<p><strong>Datum: <\/strong>25 februari 2018<\/p>\n<p><em>Alla \u00e4r v\u00e4lkomna!<\/em><\/p>\n<p>Egentligen \u00e4r det ju f\u00f6rst n\u00e4r man tar sina egna fr\u00f6er som man blir oberoende och sj\u00e4lvhush\u00e5llande p\u00e5 allvar. Idag \u00e4r restriktionerna kring den mer sm\u00e5skaliga fr\u00f6f\u00f6rs\u00e4ljningen omfattande och det blir allt sv\u00e5rare f\u00f6r de mindre ekologiska fr\u00f6firmorna att h\u00e5lla alla gamla sorter ig\u00e5ng. Samtidigt blir det allt viktigare att uppr\u00e4tth\u00e5lla m\u00e5ngfalden i det vi odlar och h\u00e5lla sorter som passar bra lokalt, vid liv.<\/p>\n<p>L\u00f6sningen att \u00e4r att ta fr\u00f6er sj\u00e4lv och byta med andra lokalt. Det har en fr\u00f6grupp p\u00e5 \u00d6sterlen gjort i en rad v\u00e4xts\u00e4songer nu. \u00c4r du nyfiken p\u00e5 hur det gjort, skulle du vilja delta i ett s\u00e5dant samarbete eller kanske bilda en liknande grupp sj\u00e4lv? Denna s\u00f6ndag finns n\u00e5gra av dem p\u00e5 plats p\u00e5 Ecotopia f\u00f6r att byta och dela med sig av sina \u00f6verskottsfr\u00f6er.<\/p>\n<p>Dessutom ber\u00e4ttar Maria Attstr\u00f6m om ympning (uppf\u00f6r\u00f6kning av \u00e4ppelsorter). Ibland vill man uppf\u00f6r\u00f6ka ett k\u00e4rt \u00e4pple eller r\u00e4dda ett tr\u00e4d vars inympade (\u00e4dla) sort f\u00f6rtvinat bort.\u00a0 F\u00f6rutom ympning kan du \u00e4ven g\u00f6ra sticklingar och avl\u00e4ggare, men det \u00e4r mer ovanligt. F\u00f6rutom hur du ska ta och f\u00f6rvara ditt ympis kommer vi att prata om olika grundstammar, hur att s\u00e5 fr\u00e5n k\u00e4rnor, och vad som \u00e4r viktigt n\u00e4r du ympar.<\/p>\n<p>Det tar n\u00e5gra \u00e5r innan det lilla tr\u00e4det b\u00f6rjar b\u00e4ra frukt men gl\u00e4djen \u00e4r stor \u00f6ver att ha kunnat g\u00f6ra det sj\u00e4lv.<\/p>\n<p><img loading=\"lazy\" decoding=\"async\" class=\"alignright size-thumbnail wp-image-7417\" src=\"https:\/\/www.ecotopia.se\/sv\/wp-content\/uploads\/2017\/01\/maria3attstrom-150x150.jpg\" alt=\"\" width=\"150\" height=\"150\" \/><strong>F\u00f6rel\u00e4sare: Maria Attstr\u00f6m<\/strong> bor tillsammans med sambo Tomas p\u00e5 en g\u00e5rd utanf\u00f6r Olarp\/ Linder\u00f6d och h\u00e5ller bland annat p\u00e5 att etablera en liten fruktodling enligt permakulturprinciper. Hon har en l\u00e5ng erfarenhet av ekologisk odling och insamling av fr\u00f6er. Maria \u00e4r sedan m\u00e5nga \u00e5r aktiv i fr\u00f6gruppen.<\/p>\n<p><strong>Tid<\/strong>: S\u00f6ndag 25\/2 kl 14-17<br \/>\n<strong>Fika:<\/strong> Till sj\u00e4lvkostnadspris<br \/>\n<strong>Plats:<\/strong> Ecotopia (utmed v\u00e4g 19 mellan Sk\u00e5ne-Tran\u00e5s och Br\u00f6sarp)<\/p>\n","protected":false},"excerpt":{"rendered":"<p>Fr\u00f6insamling &#8211; sj\u00e4lvhush\u00e5llningens k\u00e4rna Uppf\u00f6r\u00f6kning av \u00e4ppelsorter med Maria Attstr\u00f6m &nbsp; Datum: 25 februari 2018 Alla \u00e4r v\u00e4lkomna! Egentligen \u00e4r det ju f\u00f6rst n\u00e4r man tar sina egna fr\u00f6er som [&hellip;]<\/p>\n","protected":false},"author":2,"featured_media":0,"parent":555,"menu_order":0,"comment_status":"closed","ping_status":"closed","template":"","meta":{"_et_pb_use_builder":"","_et_pb_old_content":"","_et_gb_content_width":"","footnotes":""},"class_list":["post-8179","page","type-page","status-publish","hentry"],"_links":{"self":[{"href":"https:\/\/www.ecotopia.se\/sv\/wp-json\/wp\/v2\/pages\/8179","targetHints":{"allow":["GET"]}}],"collection":[{"href":"https:\/\/www.ecotopia.se\/sv\/wp-json\/wp\/v2\/pages"}],"about":[{"href":"https:\/\/www.ecotopia.se\/sv\/wp-json\/wp\/v2\/types\/page"}],"author":[{"embeddable":true,"href":"https:\/\/www.ecotopia.se\/sv\/wp-json\/wp\/v2\/users\/2"}],"replies":[{"embeddable":true,"href":"https:\/\/www.ecotopia.se\/sv\/wp-json\/wp\/v2\/comments?post=8179"}],"version-history":[{"count":8,"href":"https:\/\/www.ecotopia.se\/sv\/wp-json\/wp\/v2\/pages\/8179\/revisions"}],"predecessor-version":[{"id":8232,"href":"https:\/\/www.ecotopia.se\/sv\/wp-json\/wp\/v2\/pages\/8179\/revisions\/8232"}],"up":[{"embeddable":true,"href":"https:\/\/www.ecotopia.se\/sv\/wp-json\/wp\/v2\/pages\/555"}],"wp:attachment":[{"href":"https:\/\/www.ecotopia.se\/sv\/wp-json\/wp\/v2\/media?parent=8179"}],"curies":[{"name":"wp","href":"https:\/\/api.w.org\/{rel}","templated":true}]}}