{"id":8072,"date":"2017-11-30T10:25:45","date_gmt":"2017-11-30T09:25:45","guid":{"rendered":"https:\/\/www.ecotopia.se\/sv\/?page_id=8072"},"modified":"2018-03-08T10:01:14","modified_gmt":"2018-03-08T09:01:14","slug":"sondagsbrunch-i-mars-2018","status":"publish","type":"page","link":"https:\/\/www.ecotopia.se\/sv\/kalendarium-arkiv\/sondagsbrunch-i-mars-2018\/","title":{"rendered":"S\u00f6ndagsbrunch i mars"},"content":{"rendered":"<h4><img loading=\"lazy\" decoding=\"async\" class=\"alignnone size-full wp-image-4008\" src=\"https:\/\/www.ecotopia.se\/sv\/wp-content\/uploads\/2014\/12\/header_framtidscafe.jpg\" alt=\"header_framtidscafe\" width=\"600\" height=\"150\" \/><\/h4>\n<h3>Vegetarisk s\u00f6ndagsbrunch med f\u00f6redrag och samtal<\/h3>\n<h4><span style=\"color: #339966;\">M\u00f6jligheter f\u00f6r v\u00e5r framtid<\/p>\n<p><\/span><\/h4>\n<p><strong>Datum:<\/strong> 4 mars 2018<\/p>\n<p><strong>S\u00f6ndagsbrunchen b\u00f6rjar med att vi avnjuter vegetariskt, veganskt och rawfood fr\u00e5n g\u00e5rdens s\u00f6ndagsbuff\u00e9. S\u00e5 f\u00f6ljer en impulsf\u00f6rel\u00e4sning till dagens tema av Ulrich Nitsch, professor i milj\u00f6kommunikation. Sen f\u00f6ljer samtal vid borden och gemensamt.<\/strong><\/p>\n<p>Ny teknik, ekologisk produktion, nya lagar och goda vanor. Det finns m\u00e5nga v\u00e4gar till en h\u00e5llbar och positiv framtid.\u00a0 Vilka fungerar? Vad hindrar? M\u00f6jligheter f\u00f6r p\u00e5verkan? Vad vill jag se h\u00e4nda? \u00a0Vad kan jag sj\u00e4lv bidra med?<\/p>\n<p><strong>V\u00e4lkomna till en s\u00f6ndagsbrunch med hopp om framtiden!<\/strong><\/p>\n<p><img loading=\"lazy\" decoding=\"async\" class=\"alignright size-full wp-image-8073\" src=\"https:\/\/www.ecotopia.se\/sv\/wp-content\/uploads\/2017\/11\/ulrich_nitsch_2018.jpg\" alt=\"\" width=\"150\" height=\"180\" \/><strong>Inspirat\u00f6r:<\/strong> Ulrich Nitsch har studerat lantbruksvetenskap vid SLU och vuxenpedagogik i USA. Som professor har han undervisat och forskat och om kommunikation och beslutsfattande. Han har ett djupt intresse f\u00f6r samh\u00e4lls- och milj\u00f6fr\u00e5gor och anser att dialog \u00e4r f\u00f6ruts\u00e4ttning f\u00f6r all h\u00e5llbar utveckling.<\/p>\n<p><strong>Typ av brunch:<\/strong> Buff\u00e9<br \/>\n<strong>N\u00e4r:<\/strong> S\u00f6ndagen den 4 mars kl 11-14<br \/>\n<strong>Pris:<\/strong> 145 kr, barn under 10 \u00e4ter gratis<br \/>\n<strong>Mer info:<\/strong> <a href=\"https:\/\/www.ecotopia.se\/sv\/kontakt\/\">Skriv till oss<\/a> eller ring 0703 330\u00a0814<\/p>\n","protected":false},"excerpt":{"rendered":"<p>Vegetarisk s\u00f6ndagsbrunch med f\u00f6redrag och samtal M\u00f6jligheter f\u00f6r v\u00e5r framtid Datum: 4 mars 2018 S\u00f6ndagsbrunchen b\u00f6rjar med att vi avnjuter vegetariskt, veganskt och rawfood fr\u00e5n g\u00e5rdens s\u00f6ndagsbuff\u00e9. S\u00e5 f\u00f6ljer en [&hellip;]<\/p>\n","protected":false},"author":2,"featured_media":0,"parent":555,"menu_order":0,"comment_status":"closed","ping_status":"closed","template":"","meta":{"_et_pb_use_builder":"","_et_pb_old_content":"","_et_gb_content_width":"","footnotes":""},"class_list":["post-8072","page","type-page","status-publish","hentry"],"_links":{"self":[{"href":"https:\/\/www.ecotopia.se\/sv\/wp-json\/wp\/v2\/pages\/8072","targetHints":{"allow":["GET"]}}],"collection":[{"href":"https:\/\/www.ecotopia.se\/sv\/wp-json\/wp\/v2\/pages"}],"about":[{"href":"https:\/\/www.ecotopia.se\/sv\/wp-json\/wp\/v2\/types\/page"}],"author":[{"embeddable":true,"href":"https:\/\/www.ecotopia.se\/sv\/wp-json\/wp\/v2\/users\/2"}],"replies":[{"embeddable":true,"href":"https:\/\/www.ecotopia.se\/sv\/wp-json\/wp\/v2\/comments?post=8072"}],"version-history":[{"count":12,"href":"https:\/\/www.ecotopia.se\/sv\/wp-json\/wp\/v2\/pages\/8072\/revisions"}],"predecessor-version":[{"id":8532,"href":"https:\/\/www.ecotopia.se\/sv\/wp-json\/wp\/v2\/pages\/8072\/revisions\/8532"}],"up":[{"embeddable":true,"href":"https:\/\/www.ecotopia.se\/sv\/wp-json\/wp\/v2\/pages\/555"}],"wp:attachment":[{"href":"https:\/\/www.ecotopia.se\/sv\/wp-json\/wp\/v2\/media?parent=8072"}],"curies":[{"name":"wp","href":"https:\/\/api.w.org\/{rel}","templated":true}]}}