{"id":4737,"date":"2015-06-05T17:22:13","date_gmt":"2015-06-05T16:22:13","guid":{"rendered":"https:\/\/www.ecotopia.se\/sv\/?page_id=4737"},"modified":"2019-07-02T08:38:39","modified_gmt":"2019-07-02T07:38:39","slug":"temakvall-sjalvhushallning","status":"publish","type":"page","link":"https:\/\/www.ecotopia.se\/sv\/arkiv-2019\/temakvall-sjalvhushallning\/","title":{"rendered":"Temakv\u00e4ll Permakultur &#8211; Sj\u00e4lvhush\u00e5llning"},"content":{"rendered":"<h2><img loading=\"lazy\" decoding=\"async\" class=\"alignnone size-full wp-image-6791\" src=\"https:\/\/www.ecotopia.se\/sv\/wp-content\/uploads\/2017\/01\/collage_ekologisk_odling_temakvall_170505.jpg\" alt=\"collage_ekologisk_odling_temakvall_170505\" width=\"600\" height=\"200\"><\/h2>\n<h4>Sj\u00e4lvhush\u00e5llning i klimatkrisens tid<\/h4>\n<h4>Om odling hemma och om plantbaserad kost f\u00f6r b\u00e4ttre h\u00e4lsa<\/h4>\n<p><strong>Datum: <\/strong><span style=\"color: #000000;\">L\u00f6rdag 29 juni 2019<\/span><\/p>\n<p><strong>70% av maten p\u00e5 v\u00e5r jord produceras i sm\u00e5 jordbruk och tr\u00e4dg\u00e5rdar. Din tr\u00e4dg\u00e5rd kan ocks\u00e5 bli ett litet paradis, en \u201dmatlund\u201d. Och ge dig underbara, helande stunder i kontakt med naturen.<\/strong><\/p>\n<p>\u00d6ver 50% av v\u00e5r mat i Sverige importeras, ja om man inkluderar foder till djur s\u00e5 \u00e4r det \u00e4nnu mer. Vid en eventuell kris r\u00e4cker maten kanske n\u00e5gon vecka. D\u00e5 kan det vara sk\u00f6nt att kunna producera egen mat och inte bara f\u00f6rlita sig p\u00e5 ink\u00f6pt mat.<\/p>\n<p>Under denna kv\u00e4ll f\u00e5r du tips p\u00e5 hur du p\u00e5 olika s\u00e4tt enkelt utifr\u00e5n permakulturens grunder kan producera \u00e5tminstone en del av din mat sj\u00e4lv och ocks\u00e5 varf\u00f6r en plantbaserad kost \u00e4r b\u00e4ttre b\u00e5de f\u00f6r dig och v\u00e5r planet.<\/p>\n<p>Hur bygger jag en&nbsp;frisk jord i min tr\u00e4dg\u00e5rd? Hur producerar jag mest mat p\u00e5 en liten yta och med minst arbetsinsats? Hur skapar jag en skogstr\u00e4dg\u00e5rd eller matlund? Hur f\u00e5r jag egna gr\u00f6nsaker \u00e4ven p\u00e5 vintern? Vilken mat ger mig b\u00e4st h\u00e4lsa? Dessa \u00e4r n\u00e5gra av de fr\u00e5gor som temakv\u00e4llen belyser.<\/p>\n<p>Men \u00e4ven hur ny teknik ger nya m\u00f6jligheter,&nbsp;t ex solceller med batterier som energik\u00e4lla, LED lampor f\u00f6r inomhusodling, effektiva mikroorganismer och biokol f\u00f6r en friskare&nbsp;och mer produktiv jord etc.<\/p>\n<p><em>V\u00e4lkommen till \u00e4nnu en temakv\u00e4ll med \u00c5ke Wikstr\u00f6m om hur vi alla kan bli planetsk\u00f6tare!<\/em><\/p>\n<p><strong>F\u00f6rel\u00e4sare:<\/strong>&nbsp;<strong>\u00c5ke Wikstr\u00f6m<\/strong> brinner f\u00f6r fr\u00e5gor kring h\u00e4lsa, ekologisk odling och milj\u00f6. Han har 40 \u00e5rs erfarenhet av ekologisk odling. \u00c5ke var f\u00f6rst mycket aktiv inom f\u00f6rbundet f\u00f6r Organisk-Biologisk odling. Senare har han varit eldsj\u00e4len bakom ett meditationscenter och uppbyggnaden av H\u00e4llungen Kursg\u00e5rd (idag Solh\u00e4lla). Nu driver han f\u00f6retaget Solgl\u00e4ntan H\u00e5llbar H\u00e4lsa, ett projekt inom ekologi, permakultur och h\u00e5llbar utveckling. H\u00e4r driver han tillsammans med Dalhem Farm en 20 000 stor ekologisk tr\u00e4dg\u00e5rd, g\u00e5rdsbutik och caf\u00e9, levererar ekol\u00e5dor, erbjuder tr\u00e4dg\u00e5rdsvandringar och h\u00e5ller kurser. Detta tillsammans med sin fru Tingting. Mer info om f\u00f6retaget Solgl\u00e4ntan <a href=\"http:\/\/www.hallbarhalsa.nu\" target=\"_blank\" rel=\"noopener\">H\u00e5llbar H\u00e4lsa hittar du h\u00e4r<\/a>.<img loading=\"lazy\" decoding=\"async\" class=\"alignright size-full wp-image-2590\" src=\"https:\/\/www.ecotopia.se\/sv\/wp-content\/uploads\/2014\/01\/wikstrom150x150.png\" alt=\"wikstrom150x150\" width=\"125\" height=\"125\" srcset=\"https:\/\/www.ecotopia.se\/sv\/wp-content\/uploads\/2014\/01\/wikstrom150x150.png 149w, https:\/\/www.ecotopia.se\/sv\/wp-content\/uploads\/2014\/01\/wikstrom150x150-100x100.png 100w\" sizes=\"(max-width: 125px) 100vw, 125px\" \/><\/p>\n<p><strong>N\u00e4r:<\/strong> <span style=\"color: #000000;\">L\u00f6rdagen 29 juni 2019 kl 18.30 &#8211; ca. 21<\/span><br \/>\n<strong>Plats:<\/strong> Ecotopia p\u00e5 \u00d6sterlen<\/p>\n<p><strong>Intr\u00e4de: <\/strong>100:-<br \/>\n<em>Ingen f\u00f6ranm\u00e4lan kr\u00e4vs. F\u00f6ranm\u00e4lan g\u00e4ller endast f\u00f6r grupper<\/em><\/p>\n<p><strong>Ekofik:<\/strong> \u00d6ppet under pausen<br \/>\n<strong>Mer info:<\/strong> <a href=\"https:\/\/www.ecotopia.se\/sv\/kontakt\/\">Kontakta oss<\/a> eller ring 0703 330 814<\/p>\n","protected":false},"excerpt":{"rendered":"<p>Sj\u00e4lvhush\u00e5llning i klimatkrisens tid Om odling hemma och om plantbaserad kost f\u00f6r b\u00e4ttre h\u00e4lsa Datum: L\u00f6rdag 29 juni 2019 70% av maten p\u00e5 v\u00e5r jord produceras i sm\u00e5 jordbruk och [&hellip;]<\/p>\n","protected":false},"author":3,"featured_media":0,"parent":10136,"menu_order":0,"comment_status":"open","ping_status":"closed","template":"","meta":{"_et_pb_use_builder":"","_et_pb_old_content":"","_et_gb_content_width":"","footnotes":""},"class_list":["post-4737","page","type-page","status-publish","hentry"],"_links":{"self":[{"href":"https:\/\/www.ecotopia.se\/sv\/wp-json\/wp\/v2\/pages\/4737","targetHints":{"allow":["GET"]}}],"collection":[{"href":"https:\/\/www.ecotopia.se\/sv\/wp-json\/wp\/v2\/pages"}],"about":[{"href":"https:\/\/www.ecotopia.se\/sv\/wp-json\/wp\/v2\/types\/page"}],"author":[{"embeddable":true,"href":"https:\/\/www.ecotopia.se\/sv\/wp-json\/wp\/v2\/users\/3"}],"replies":[{"embeddable":true,"href":"https:\/\/www.ecotopia.se\/sv\/wp-json\/wp\/v2\/comments?post=4737"}],"version-history":[{"count":24,"href":"https:\/\/www.ecotopia.se\/sv\/wp-json\/wp\/v2\/pages\/4737\/revisions"}],"predecessor-version":[{"id":9939,"href":"https:\/\/www.ecotopia.se\/sv\/wp-json\/wp\/v2\/pages\/4737\/revisions\/9939"}],"up":[{"embeddable":true,"href":"https:\/\/www.ecotopia.se\/sv\/wp-json\/wp\/v2\/pages\/10136"}],"wp:attachment":[{"href":"https:\/\/www.ecotopia.se\/sv\/wp-json\/wp\/v2\/media?parent=4737"}],"curies":[{"name":"wp","href":"https:\/\/api.w.org\/{rel}","templated":true}]}}